{"id":574,"date":"2023-11-06T12:34:57","date_gmt":"2023-11-06T12:34:57","guid":{"rendered":"https:\/\/majorresidence.hu\/?page_id=574"},"modified":"2023-11-22T10:09:30","modified_gmt":"2023-11-22T10:09:30","slug":"adatkezeles","status":"publish","type":"page","link":"https:\/\/majorresidence.hu\/en\/adatkezeles\/","title":{"rendered":"Privacy policy"},"content":{"rendered":"\t\t<div data-elementor-type=\"wp-page\" data-elementor-id=\"574\" class=\"elementor elementor-574\" data-elementor-settings=\"{&quot;ha_cmc_init_switcher&quot;:&quot;no&quot;}\" data-elementor-post-type=\"page\">\n\t\t\t\t\t\t<section class=\"elementor-section elementor-top-section elementor-element elementor-element-758e1d4e elementor-section-content-middle elementor-section-boxed elementor-section-height-default elementor-section-height-default\" data-id=\"758e1d4e\" data-element_type=\"section\" data-e-type=\"section\" data-settings=\"{&quot;_ha_eqh_enable&quot;:false}\">\n\t\t\t\t\t\t<div class=\"elementor-container elementor-column-gap-default\">\n\t\t\t\t\t<div class=\"elementor-column elementor-col-100 elementor-top-column elementor-element elementor-element-3e6b9262\" data-id=\"3e6b9262\" data-element_type=\"column\" data-e-type=\"column\">\n\t\t\t<div class=\"elementor-widget-wrap elementor-element-populated\">\n\t\t\t\t\t\t<div class=\"elementor-element elementor-element-6faf74b1 elementor-widget elementor-widget-heading\" data-id=\"6faf74b1\" data-element_type=\"widget\" data-e-type=\"widget\" data-widget_type=\"heading.default\">\n\t\t\t\t<div class=\"elementor-widget-container\">\n\t\t\t\t\t<h2 class=\"elementor-heading-title elementor-size-default\">Adatkezel\u00e9si t\u00e1j\u00e9koztat\u00f3<\/h2>\t\t\t\t<\/div>\n\t\t\t\t<\/div>\n\t\t\t\t\t<\/div>\n\t\t<\/div>\n\t\t\t\t\t<\/div>\n\t\t<\/section>\n\t\t\t\t<section class=\"elementor-section elementor-top-section elementor-element elementor-element-15d20425 elementor-section-boxed elementor-section-height-default elementor-section-height-default\" data-id=\"15d20425\" data-element_type=\"section\" data-e-type=\"section\" data-settings=\"{&quot;background_background&quot;:&quot;classic&quot;,&quot;_ha_eqh_enable&quot;:false}\">\n\t\t\t\t\t\t<div class=\"elementor-container elementor-column-gap-wider\">\n\t\t\t\t\t<div class=\"elementor-column elementor-col-100 elementor-top-column elementor-element elementor-element-1eef1a31\" data-id=\"1eef1a31\" data-element_type=\"column\" data-e-type=\"column\">\n\t\t\t<div class=\"elementor-widget-wrap elementor-element-populated\">\n\t\t\t\t\t\t<div class=\"elementor-element elementor-element-47be78de elementor-widget__width-initial elementor-widget elementor-widget-text-editor\" data-id=\"47be78de\" data-element_type=\"widget\" data-e-type=\"widget\" data-widget_type=\"text-editor.default\">\n\t\t\t\t<div class=\"elementor-widget-container\">\n\t\t\t\t\t\t\t\t\t<p class=\"p1\"><strong>Preambulum \u00e9s fogalommagyar\u00e1zat<\/strong><\/p><p class=\"p1\">Jelen Weboldal c\u00e9lja az azt \u00fczemeltet\u0151 Sur\u00e1nyi Gyula Kund ad\u00f3sz\u00e1mos mag\u00e1nszem\u00e9ly (a tov\u00e1bbiakban: \u00dczemeltet\u0151) tev\u00e9kenys\u00e9g\u00e9nek bemutat\u00e1sa, t\u00e1j\u00e9koztat\u00e1s ad\u00e1sa az \u00dczemeltet\u0151 tev\u00e9kenys\u00e9g\u00e9r\u0151l, az ezekre vonatkoz\u00f3 szab\u00e1lyokr\u00f3l.<\/p><p class=\"p1\">Jelen Adatv\u00e9delmi T\u00e1j\u00e9koztat\u00f3 a term\u00e9szetes szem\u00e9lyeknek a szem\u00e9lyes adatok kezel\u00e9se tekintet\u00e9ben t\u00f6rt\u00e9n\u0151 v\u00e9delm\u00e9re \u00e9s a szem\u00e9lyes adatok szabad \u00e1raml\u00e1s\u00e1ra vonatkoz\u00f3 szab\u00e1lyokat \u00e1llap\u00edt meg, \u00edgy k\u00fcl\u00f6n\u00f6sen a szem\u00e9lyes adatok v\u00e9delm\u00e9hez f\u0171z\u0151d\u0151 jogokat v\u00e9di a vonatkoz\u00f3 jogszab\u00e1lyok ir\u00e1nymutat\u00e1s\u00e1nak megfelel\u0151en.<\/p><p class=\"p1\">\u00dczemeltet\u0151:<\/p><p class=\"p1\">Jelen weboldalt (www.majorresidence.hu) Sur\u00e1nyi Gyula Kund ad\u00f3sz\u00e1mos mag\u00e1nszem\u00e9ly (postac\u00edm: 8237 TIHANY, FELS\u0150KOPASZHEGYI \u00daT 39,<br \/>ad\u00f3sz\u00e1m: 55885096-1-39, e-mail: MAJORRESIDENCE@MAJORRESIDENCE.HU, telefonsz\u00e1m: +36 20 9431 899, banksz\u00e1mlasz\u00e1m: 10402166-72565151-48531043, IBAN: HU02 10402166-72565151 48531043)\u00a0\u00fczemelteti.<\/p><p class=\"p1\">Szolg\u00e1ltat\u00e1s helye:<\/p><p>8237 Tihany, Major utca 51.<\/p><p class=\"p1\">Felhaszn\u00e1l\u00f3:<\/p><p class=\"p1\">Minden olyan szem\u00e9ly, aki a weboldalt megl\u00e1togatja, a weboldal \u00e9s\/vagy az \u00dczemeltet\u0151 \u00e1ltal ny\u00fajtott szolg\u00e1ltat\u00e1sokat ig\u00e9nybe veszi. Az Adatkezel\u00e9si T\u00e1j\u00e9koztat\u00f3 szem\u00e9lyi hat\u00e1lya teh\u00e1t kiterjed a Weboldalon kereszt\u00fcl \u00e9rdekl\u0151d\u0151 vagy aj\u00e1nlatot k\u00e9r\u0151, illetve k\u00fcld\u0151 term\u00e9szetes szem\u00e9lyekre, tov\u00e1bb\u00e1 a nem term\u00e9szetes szem\u00e9lyek k\u00e9pvisel\u0151ire, kapcsolattart\u00f3ira. A szem\u00e9lyi hat\u00e1lya kiterjed tov\u00e1bb\u00e1 a Weboldal \u00fczemeltet\u00e9s\u00e9vel megb\u00edzottakra.\u00a0<\/p><p class=\"p1\">Az Adatkezel\u00e9si T\u00e1j\u00e9koztat\u00f3 hat\u00e1lya:<\/p><p class=\"p1\">Jelen Adatkezel\u00e9si T\u00e1j\u00e9koztat\u00f3 hat\u00e1lya az \u00dczemeltet\u0151 jelen weboldalhoz (tov\u00e1bbiakban: Weboldal) kapcsol\u00f3d\u00f3an ny\u00fajtott szolg\u00e1ltat\u00e1saira \u00e9s adatkezel\u00e9seire terjed ki. Ellenkez\u0151 kik\u00f6t\u00e9s hi\u00e1ny\u00e1ban az Adatkezel\u00e9si T\u00e1j\u00e9koztat\u00f3 hat\u00e1lya nem terjed ki azon szolg\u00e1ltat\u00e1sokra \u00e9s adatkezel\u00e9sekre, melyek a Weboldalon megjelen\u0151, harmadik szem\u00e9lyek \u00e1ltal k\u00f6zz\u00e9tett tartalomhoz kapcsol\u00f3dnak, vagy azon weboldalak szolg\u00e1ltat\u00e1saira \u00e9s adatkezel\u00e9seire, melyekre a jelen Weboldalon tal\u00e1lhat\u00f3 hivatkoz\u00e1s vezet.<\/p><p class=\"p1\">Szem\u00e9lyes adat:<\/p><p class=\"p1\">Az azonos\u00edtott vagy azonos\u00edthat\u00f3 term\u00e9szetes szem\u00e9lyre vonatkoz\u00f3 b\u00e1rmely inform\u00e1ci\u00f3. K\u00fcl\u00f6nleges \u00e9s b\u0171n\u00fcgyi szem\u00e9lyes adatot semmilyen k\u00f6r\u00fclm\u00e9nyek k\u00f6z\u00f6tt nem kezel az \u00dczemeltet\u0151.<\/p><p class=\"p1\">Adatkezel\u00e9s:<\/p><p class=\"p1\">A szem\u00e9lyes adatokon vagy adat\u00e1llom\u00e1nyokon automatiz\u00e1lt vagy nem automatiz\u00e1lt m\u00f3don v\u00e9gzett b\u00e1rmely m\u0171velet vagy m\u0171veletek \u00f6sszess\u00e9ge.<\/p><p class=\"p1\">Adattov\u00e1bb\u00edt\u00e1s:<\/p><p class=\"p1\">Az adat meghat\u00e1rozott harmadik szem\u00e9ly sz\u00e1m\u00e1ra t\u00f6rt\u00e9n\u0151 hozz\u00e1f\u00e9rhet\u0151v\u00e9 t\u00e9tele.<\/p><p class=\"p1\">Nyilv\u00e1noss\u00e1gra hozatal:<\/p><p class=\"p1\">Az adat b\u00e1rki sz\u00e1m\u00e1ra t\u00f6rt\u00e9n\u0151 hozz\u00e1f\u00e9rhet\u0151v\u00e9 t\u00e9tele.<\/p><p class=\"p1\">Adatt\u00f6rl\u00e9s:<\/p><p class=\"p1\">Az adat felismerhetetlenn\u00e9 t\u00e9tele oly m\u00f3don, hogy a helyre\u00e1ll\u00edt\u00e1sa t\u00f6bb\u00e9 nem lehets\u00e9ges.<\/p><p class=\"p1\">Adatfeldolgoz\u00e1s:<\/p><p class=\"p1\">Az adatkezel\u0151 megb\u00edz\u00e1s\u00e1b\u00f3l vagy rendelkez\u00e9se alapj\u00e1n elj\u00e1r\u00f3 adatfeldolgoz\u00f3 \u00e1ltal v\u00e9gzett adatkezel\u00e9si m\u0171veletek \u00f6sszess\u00e9ge.<\/p><p class=\"p1\">Adat\u00e1llom\u00e1ny:<\/p><p class=\"p1\">Az egy nyilv\u00e1ntart\u00e1sban kezelt adatok \u00f6sszess\u00e9ge.<\/p><p class=\"p1\">Az \u00dczemeltet\u0151re vonatkoz\u00f3 szab\u00e1lyok<\/p><p class=\"p1\">Adatkezel\u00e9s<\/p><p class=\"p1\">Az adatkezel\u00e9s helye, az ir\u00e1nyad\u00f3 szab\u00e1lyoz\u00e1s<\/p><p class=\"p1\">A szem\u00e9lyes adatok kezel\u00e9se az \u00dczemeltet\u0151 postac\u00edm\u00e9n vagy az \u00dczemeltet\u0151 \u00e1ltal megb\u00edzott adatfeldolgoz\u00f3 helyis\u00e9g\u00e9ben t\u00f6rt\u00e9nik. Az adatkezel\u00e9ssel kapcsolatos d\u00f6nt\u00e9seket az \u00dczemeltet\u0151 hozza meg. Az \u00dczemeltet\u0151, a 2.2. pontban felsorolt szem\u00e9lyes adatok kezel\u00e9se sor\u00e1n, az adatok t\u00e1rol\u00e1s\u00e1nak \u00e9s rendelkez\u00e9sre \u00e1ll\u00e1s\u00e1nak biztos\u00edt\u00e1sa \u00e9rdek\u00e9ben, t\u00e1rhely szolg\u00e1ltat\u00e1s c\u00e9lj\u00e1b\u00f3l adatfeldolgoz\u00f3kat vehet ig\u00e9nybe.<\/p><p class=\"p1\">Az \u00dczemeltet\u0151 gazdas\u00e1gi tev\u00e9kenys\u00e9get folytat\u00f3 term\u00e9szetes szem\u00e9ly, az adatkezel\u00e9s helye Magyarorsz\u00e1g.<\/p><p class=\"p1\">Mindezek alapj\u00e1n a szem\u00e9lyes adatok kezel\u00e9s\u00e9re a magyar jogszab\u00e1lyok, els\u0151sorban az inform\u00e1ci\u00f3s \u00f6nrendelkez\u00e9si jogr\u00f3l \u00e9s az inform\u00e1ci\u00f3szabads\u00e1gr\u00f3l sz\u00f3l\u00f3 2011. \u00e9vi CXII. t\u00f6rv\u00e9ny (a tov\u00e1bbiakban: Infotv.) szab\u00e1lyai az ir\u00e1nyad\u00f3k.<\/p><p class=\"p1\">Az \u00dczemeltet\u0151 sz\u00e1m\u00e1ra az adatkezel\u00e9s sor\u00e1n ir\u00e1nyad\u00f3 tov\u00e1bb\u00e1 az Eur\u00f3pai Parlament \u00e9s a Tan\u00e1cs (EU) 2016\/679. Rendelet\u00e9t (2016. \u00e1prilis 27.) a term\u00e9szetes szem\u00e9lyeknek a szem\u00e9lyes adatok kezel\u00e9se tekintet\u00e9ben t\u00f6rt\u00e9n\u0151 v\u00e9delm\u00e9r\u0151l \u00e9s az ilyen adatok szabad \u00e1raml\u00e1s\u00e1r\u00f3l, valamint a 95\/46\/EK rendelet hat\u00e1lyon k\u00edv\u00fcl helyez\u00e9s\u00e9r\u0151l (\u00e1ltal\u00e1nos adatv\u00e9delmi rendelet, a tov\u00e1bbiakban: GDPR rendelet).<\/p><p class=\"p1\">Az adatkezel\u00e9s jogalapja, k\u00f6re, c\u00e9lja \u00e9s elvei<\/p><p class=\"p1\">A szem\u00e9lyes adatok kezel\u0151je az \u00dczemeltet\u0151 \u00e9s munkat\u00e1rsai, akik kiz\u00e1r\u00f3lag a feladataik elv\u00e9gz\u00e9s\u00e9hez felt\u00e9tlen\u00fcl sz\u00fcks\u00e9ges m\u00e9rt\u00e9kben kezelhetik az adatokat. Az \u00dczemeltet\u0151 megfelel\u0151 inform\u00e1ci\u00f3biztons\u00e1gi int\u00e9zked\u00e9sekkel gondoskodik arr\u00f3l, hogy a Felhaszn\u00e1l\u00f3 szem\u00e9lyes adatait v\u00e9dje t\u00f6bbek k\u00f6z\u00f6tt a jogosulatlan hozz\u00e1f\u00e9r\u00e9s ellen vagy azok jogosulatlan megv\u00e1ltoztat\u00e1sa ellen. A szervereken t\u00e1rolt szem\u00e9lyes adatokhoz val\u00f3 hozz\u00e1f\u00e9r\u00e9s napl\u00f3z\u00e1sra ker\u00fcl, ami alapj\u00e1n mindig ellen\u0151rizhet\u0151, ki, mikor, milyen szem\u00e9lyes adatokhoz f\u00e9rt hozz\u00e1. Az \u00dczemeltet\u0151 megfelel\u0151 szervez\u00e9si int\u00e9zked\u00e9sekkel gondoskodik arr\u00f3l, hogy a szem\u00e9lyes adatok ne v\u00e1lhassanak hozz\u00e1f\u00e9rhet\u0151v\u00e9 meghat\u00e1rozatlan sz\u00e1m\u00fa szem\u00e9ly sz\u00e1m\u00e1ra.<\/p><p class=\"p1\">Az adatkezel\u00e9s jogalapja a Felhaszn\u00e1l\u00f3k \u00f6nk\u00e9ntesen megadott hozz\u00e1j\u00e1rul\u00e1sa. A Felhaszn\u00e1l\u00f3k a Weboldal haszn\u00e1lat\u00e1val, valamint az aj\u00e1nlatk\u00e9r\u00e9s elk\u00fcld\u00e9s\u00e9vel elfogadj\u00e1k jelen Adatkezel\u00e9si T\u00e1j\u00e9koztat\u00f3t.<\/p><p class=\"p1\">A kezelt adatok k\u00f6re \u00e9s c\u00e9lja:<\/p><p class=\"p1\">Adatkezel\u0151 ad\u00f3sz\u00e1mos mag\u00e1nszem\u00e9lyk\u00e9nt sz\u00e1ll\u00e1shelyet \u00fczemeltet.<\/p><p class=\"p1\">A weboldal lehet\u0151s\u00e9get biztos\u00edt aj\u00e1nlat k\u00e9r\u00e9s\u00e9re, \u00e9rdekl\u0151d\u00e9sre. Az aj\u00e1nlatk\u00e9r\u00e9s sor\u00e1n a t\u00e1bl\u00e1zatban jel\u00f6lt adatokat sz\u00fcks\u00e9ges megadni. Az aj\u00e1nlatk\u00e9r\u0151 \u0171rlap lehet\u0151s\u00e9get biztos\u00edt tov\u00e1bb\u00e1 megjegyz\u00e9s f\u0171z\u00e9s\u00e9hez, az \u201e\u00fczenet\u201d elnevez\u00e9s\u0171 ablakban.<\/p><p class=\"p1\">A foglal\u00e1s a CHANNEL MANAGER rendszer\u00e9n kereszt\u00fcl t\u00f6rt\u00e9nik, a kapcsol\u00f3d\u00f3 adatok kezel\u00e9s\u00e9\u00e9rt SUR\u00c1NYI GYULA KUND v\u00e1llal felel\u0151ss\u00e9get adatkezel\u00e9si t\u00e1j\u00e9koztat\u00f3juk alapj\u00e1n.<\/p><p class=\"p1\">A foglal\u00e1s az Adatkezel\u0151 (\u00dczemeltet\u0151) e-mailen t\u00f6rt\u00e9n\u0151 visszajelz\u00e9s\u00e9t\u0151l f\u00fcgg\u0151. A foglal\u00e1st meger\u0151s\u00edt\u0151 e-mailt k\u00f6vet\u0151en a foglal\u00e1s el\u0151leg fizet\u00e9si k\u00f6telezetts\u00e9g \u00e1tutal\u00e1ssal \u00e9s\/vagy SZ\u00c9P K\u00e1rty\u00e1val t\u00f6rt\u00e9n\u0151 megfizet\u00e9s\u00e9vel v\u00e1lik v\u00e9glegess\u00e9. Az \u00e1tutalt \u00f6sszegr\u0151l \u00dczemeltet\u0151 e-sz\u00e1ml\u00e1t \u00e1ll\u00edt ki, amelyhez technikailag sz\u00fcks\u00e9ges a Felhaszn\u00e1l\u00f3 foglal\u00f3 lakc\u00edm\u00e9nek megad\u00e1sa.<\/p><p class=\"p1\">A kezelt adatok k\u00f6re az e pontban ismertetettek alkalmaz\u00e1s\u00e1ra szor\u00edtkozik a sz\u00fcks\u00e9ges \u00e9s el\u00e9gs\u00e9ges m\u00e9rt\u00e9kig. Az Adatkezel\u0151 a le\u00edrt c\u00e9lt\u00f3l elt\u00e9r\u0151en nem haszn\u00e1lja fel a Felhaszn\u00e1l\u00f3 szem\u00e9lyes adatait.<\/p><p class=\"p1\">A kezelt adatok k\u00f6re \u00e9s az azonos\u00edt\u00e1s c\u00e9lja:<\/p><table class=\"t1\" cellspacing=\"0\" cellpadding=\"0\"><tbody><tr><td class=\"td1\" valign=\"top\"><p class=\"p4\">A kezelt adatok k\u00f6re<\/p><\/td><td class=\"td2\" valign=\"top\"><p class=\"p4\">Az adatkezel\u00e9s c\u00e9lja<\/p><\/td><\/tr><tr><td class=\"td1\" valign=\"top\"><p class=\"p4\">a Felhaszn\u00e1l\u00f3 teljes neve<\/p><\/td><td class=\"td2\" valign=\"top\"><p class=\"p4\">azonos\u00edt\u00e1s, marketing<\/p><\/td><\/tr><tr><td class=\"td1\" valign=\"top\"><p class=\"p4\">e-mail c\u00edm<\/p><\/td><td class=\"td2\" valign=\"top\"><p class=\"p4\">kapcsolattart\u00e1s, marketing<\/p><\/td><\/tr><tr><td class=\"td3\" valign=\"top\"><p class=\"p4\">c\u00edm\u00a0(csak foglal\u00e1s eset\u00e9n)<\/p><\/td><td class=\"td4\" valign=\"top\"><p class=\"p4\">sz\u00e1ml\u00e1z\u00e1s<\/p><\/td><\/tr><tr><td class=\"td5\" valign=\"top\"><p class=\"p4\">vend\u00e9gek sz\u00e1ma \u00e9s koroszt\u00e1lya: gyermek vagy feln\u0151tt<\/p><\/td><td class=\"td6\" valign=\"top\"><p class=\"p4\">sz\u00e1ll\u00e1sd\u00edj sz\u00e1m\u00edt\u00e1s, kedvezm\u00e9nyek, ad\u00f3z\u00e1s<\/p><\/td><\/tr><\/tbody><\/table><p class=\"p1\">Az adatkezel\u0151 r\u00e9sz\u00e9re az aj\u00e1nlatk\u00e9r\u00e9si \u0171rlap adatai e-mailben jutnak el, k\u00f6zvetlen\u00fcl. Az adatkezel\u0151 a Felhaszn\u00e1l\u00f3 k\u00e9rd\u00e9s\u00e9re a v\u00e1laszt\/a foglalt id\u0151pont visszaigazol\u00e1s\u00e1t \u2013 ellenkez\u0151 rendelkez\u00e9se hi\u00e1ny\u00e1ban \u2013 az \u0171rlapon megadott e-mail c\u00edmre v\u00e1laszolva juttatja el. A Felhaszn\u00e1l\u00f3 adatai megad\u00e1s\u00e1val \u00f6nk\u00e9ntesen hozz\u00e1j\u00e1rul a c\u00e9lja el\u00e9r\u00e9s\u00e9ig adatainak kezel\u00e9s\u00e9hez ahhoz, hogy a megadott kapcsolattart\u00e1si adatokon vele kapcsolatba l\u00e9pjen az \u00dczemeltet\u0151.<\/p><p class=\"p1\">Az \u00dczemeltet\u0151 kiz\u00e1r\u00f3lag a Felhaszn\u00e1l\u00f3 \u00e1ltal megadott, valamint a Felhaszn\u00e1l\u00f3 Weboldallal \u00f6sszef\u00fcgg\u0151 tev\u00e9kenys\u00e9ge sor\u00e1n keletkezett szem\u00e9lyes adatokat kezeli.<\/p><p class=\"p1\">Az \u00dczemeltet\u0151 t\u00f6rekszik az \u00e9rintettek jogainak marad\u00e9ktalan \u00e9rv\u00e9nyes\u00edt\u00e9s\u00e9re.<\/p><p class=\"p1\">Az \u00dczemeltet\u0151 nem kezel olyan adatot, amelyek kezel\u00e9se a m\u0171k\u00f6d\u00e9si c\u00e9lok el\u00e9r\u00e9s\u00e9hez nem sz\u00fcks\u00e9ges.<\/p><p class=\"p1\">Az \u00dczemeltet\u0151 a szem\u00e9lyes adatokat teh\u00e1t kiz\u00e1r\u00f3lag meghat\u00e1rozott c\u00e9lb\u00f3l kezeli az adatkezel\u00e9s valamennyi szakasz\u00e1ban. A c\u00e9lhoz k\u00f6t\u00f6tts\u00e9g \u00e9s a lehet\u0151 legkisebb k\u00f6r\u0171 adatkezel\u00e9s a kezelt adatk\u00f6r tekintet\u00e9ben is fenn\u00e1ll. A szem\u00e9lyes adatok felv\u00e9tele \u00e9s kezel\u00e9se tisztess\u00e9ges \u00e9s t\u00f6rv\u00e9nyes.<\/p><p class=\"p1\">Az \u00dczemeltet\u0151 \u00fcgyel arra, hogy a kezelt adatok pontosak \u00e9s id\u0151szer\u0171ek legyenek, a Felhaszn\u00e1l\u00f3k jogai megfelel\u0151en \u00e9rv\u00e9nyes\u00fcljenek, \u00e9s ha a Felhaszn\u00e1l\u00f3 azonos\u00edt\u00e1sa (a tov\u00e1bbiakban) nem sz\u00fcks\u00e9ges, az adatkezel\u00e9s \u00fagy m\u00f3dosul, hogy az \u00e9rintett azonos\u00edt\u00e1s\u00e1ra ne ker\u00fclhessen sor.<\/p><p class=\"p1\">A kezelt adatokat az \u00dczemeltet\u0151 csak abban az esetben tov\u00e1bb\u00edtja vagy teszi hozz\u00e1f\u00e9rhet\u0151v\u00e9 harmadik szem\u00e9lyek sz\u00e1m\u00e1ra, ha ehhez az \u00e9rintett kifejezetten hozz\u00e1j\u00e1rult, vagy ezt jogszab\u00e1ly elrendeli. Sz\u00e1ll\u00e1shely \u00fczemeltet\u0151 l\u00e9v\u00e9n a szolg\u00e1ltat\u00e1st idegenforgalmi ad\u00f3 terheli, amely az illet\u00e9kes Nagymaros V\u00e1ros \u00d6nkorm\u00e1nyzata \u2013 r\u00e9sz\u00e9re fizetend\u0151 \u00e9s tov\u00e1bbi szem\u00e9lyes adatok \u2013 \u00edgy a Felhaszn\u00e1l\u00f3val egy\u00fctt utaz\u00f3k adatainak \u2013 felv\u00e9tel\u00e9t teheti sz\u00fcks\u00e9gess\u00e9. Az \u00dczemeltet\u0151 az ir\u00e1nyad\u00f3 jogszab\u00e1lyoknak megfelel\u0151en jogosult arra, hogy egyes technikai m\u0171veletek c\u00e9lj\u00e1ra adatfeldolgoz\u00f3t vegyen ig\u00e9nybe. Az adatfeldolgoz\u00f3 csak az \u00dczemeltet\u0151 d\u00f6nt\u00e9seinek v\u00e9grehajt\u00e1s\u00e1ra jogosult, az \u00dczemeltet\u0151 utas\u00edt\u00e1sainak megfelel\u0151en. Az adatfeldolgoz\u00f3 ig\u00e9nybev\u00e9tele az \u00dczemeltet\u0151 felel\u0151ss\u00e9g\u00e9t nem \u00e9rinti.<\/p><p class=\"p1\">Az \u00dczemeltet\u0151 jogosult arra, hogy az adatokat \u2013 ide\u00e9rtve a 2.5. pont alapj\u00e1n r\u00f6gz\u00edtett technikai adatokat is \u2013 szem\u00e9lyazonos\u00edt\u00e1sra alkalmatlan m\u00f3don statisztikai c\u00e9lra felhaszn\u00e1lja.<\/p><p class=\"p1\">Adatkezel\u0151vel kapcsolatban \u00e1ll\u00f3 adatfeldolgoz\u00f3k<\/p><p class=\"p1\">Ha az adatkezel\u00e9st az adatkezel\u0151 nev\u00e9ben m\u00e1s v\u00e9gzi, az adatkezel\u0151 kiz\u00e1r\u00f3lag olyan adatfeldolgoz\u00f3kat vehet ig\u00e9nybe, amelyek megfelel\u0151 garanci\u00e1kat ny\u00fajtanak a jelen T\u00e1j\u00e9koztat\u00f3ban lefektetett k\u00f6vetelm\u00e9nyeknek t\u00f6rt\u00e9n\u0151 megfelel\u00e9sre. Az adatfeldolgoz\u00f3k vonatkoz\u00f3 nyilatkozatai vagy nyilv\u00e1nosan hozz\u00e1f\u00e9rhet\u0151en vagy adatkezel\u0151 rendelkez\u00e9s\u00e9re \u00e1llnak.<\/p><table class=\"t1\" cellspacing=\"0\" cellpadding=\"0\"><tbody><tr><td class=\"td7\" valign=\"top\"><p class=\"p4\">adatfeldolgoz\u00f3<\/p><\/td><td class=\"td8\" valign=\"top\"><p class=\"p4\">Az adatkezel\u00e9s c\u00e9lja<\/p><\/td><\/tr><tr><td class=\"td9\" valign=\"top\"><p class=\"p4\">T\u00e1rhely.eu Kft.<\/p><p class=\"p4\">(1097 Budapest, K\u00f6nyves K\u00e1lm\u00e1n k\u00f6r\u00fat 12-14)<\/p><\/td><td class=\"td10\" valign=\"top\"><p class=\"p4\">weboldal t\u00e1rhelyszolg\u00e1ltat\u00f3ja<\/p><\/td><\/tr><tr><td class=\"td7\" valign=\"top\"><p class=\"p4\">K&amp;H Bank Zrt.<\/p><\/td><td class=\"td8\" valign=\"top\"><p class=\"p4\">sz\u00e1ml\u00e1k ki\u00e1ll\u00edt\u00e1sa \u00e9s \u00e1tutal\u00e1s fogad\u00e1sa<\/p><\/td><\/tr><tr><td class=\"td7\" valign=\"top\"><p class=\"p4\">www.szamlazz.hu<\/p><\/td><td class=\"td8\" valign=\"top\"><p class=\"p4\">sz\u00e1ml\u00e1z\u00e1s<\/p><\/td><\/tr><tr><td class=\"td9\" valign=\"top\"><p class=\"p4\">vendegem.hu<\/p><\/td><td class=\"td10\" valign=\"top\"><p class=\"p4\">vend\u00e9gek nyilv\u00e1ntart\u00e1sa<\/p><\/td><\/tr><tr><td class=\"td7\" valign=\"top\"><p class=\"p4\">Google LLC (1600 Amphitheatre Parkway, Mountain View, CA 94043, USA)<\/p><\/td><td class=\"td8\" valign=\"top\"><p class=\"p4\">levelez\u0151rendszer kiszolg\u00e1l\u00f3ja (gmail.com)<\/p><p class=\"p4\">anonim adatkezel\u00e9s: cookie-k<\/p><\/td><\/tr><tr><td class=\"td7\" valign=\"top\"><p class=\"p4\">Channel Manager: Online Hotel Solution Zrt.\/eZee Technosys Pvt. Ltd. szerz\u0151d\u00f6tt viszontelad\u00f3i partnere<\/p><\/td><td class=\"td8\" valign=\"top\"><p class=\"p4\">vend\u00e9gek nyilv\u00e1ntart\u00e1sa (n\u00e9v, c\u00edm, foglal\u00e1si adatok, egy\u00e9b szolg\u00e1ltat\u00e1sok, sz\u00e1ml\u00e1z\u00e1si c\u00edm, \u00e9letkor, stb.)<\/p><\/td><\/tr><tr><td class=\"td9\" valign=\"top\"><p class=\"p4\">Tihany \u00d6nkorm\u00e1nyzata<\/p><\/td><td class=\"td10\" valign=\"top\"><p class=\"p4\">idegenforgalmi ad\u00f3 bevall\u00e1sa<\/p><\/td><\/tr><\/tbody><\/table><p class=\"p1\">Az adatkezel\u00e9s id\u0151tartama, t\u00e1j\u00e9koztat\u00e1s<\/p><p class=\"p1\">Az \u00dczemeltet\u0151 a megadott adatokat t\u00f6rli, ha:<\/p><p class=\"p1\">az adatkezel\u00e9s c\u00e9lja megsz\u0171nt;<\/p><p class=\"p1\">az \u00e9rintett azt k\u00e9ri;<\/p><p class=\"p1\">az adat hi\u00e1nyos vagy t\u00e9ves, \u00e9s ez a felhaszn\u00e1l\u00e1sukat lehetetlenn\u00e9 teszi;<\/p><p class=\"p1\">azok kezel\u00e9se jogellenes, vagy jogszab\u00e1ly a t\u00f6rl\u00e9st elrendeli;<\/p><p class=\"p1\">azt hat\u00f3s\u00e1g vagy b\u00edr\u00f3s\u00e1g elrendeli.<\/p><p class=\"p1\">\u00dczemeltet\u0151 aj\u00e1nlatk\u00e9r\u00e9sre k\u00fcld\u00f6tt aj\u00e1nlata 2 napig, azaz 48 \u00f3r\u00e1n kereszt\u00fcl \u00e9rv\u00e9nyes. Adatkezel\u0151 v\u00e1llalja, hogy ha a foglal\u00e1s az aj\u00e1nlatk\u00e9r\u00e9st k\u00f6vet\u0151en k\u00fcld\u00f6tt aj\u00e1nlata nyom\u00e1n 2 napon bel\u00fcl nem t\u00f6rt\u00e9nik meg, \u00fagy a Felhaszn\u00e1l\u00f3 adatait v\u00e9gleg t\u00f6rli. Amennyiben a foglal\u00e1s megval\u00f3sul, \u00fagy Adatkezel\u0151 a szolg\u00e1ltat\u00e1s lez\u00e1r\u00e1s\u00e1t k\u00f6vet\u0151en 3 napon bel\u00fcl t\u00f6rli az addig kezelt adatokat.<\/p><p class=\"p1\">A Felhaszn\u00e1l\u00f3 t\u00e1j\u00e9koztat\u00e1st k\u00e9rhet adatai kezel\u00e9s\u00e9r\u0151l, jog\u00e1ban \u00e1ll tov\u00e1bb\u00e1, hogy adatait helyesb\u00edtse, a t\u00e9vesen szerepl\u0151, \u00e9s \u00e1ltala nem helyesb\u00edthet\u0151 adatok helyesb\u00edt\u00e9s\u00e9t az \u00dczemeltet\u0151t\u0151l k\u00e9rje.<\/p><p class=\"p1\">A Felhaszn\u00e1l\u00f3 k\u00e9rheti a weboldalhoz kapcsol\u00f3d\u00f3an kezelt szem\u00e9lyes adatai korl\u00e1toz\u00e1s\u00e1t, t\u00f6rl\u00e9s\u00e9t, amely ir\u00e1nt az \u00dczemeltet\u0151 5 napon bel\u00fcl int\u00e9zkedni k\u00f6teles.<\/p><p class=\"p1\">Amennyiben a Felhaszn\u00e1l\u00f3 s\u00e9relmezi az adatkezel\u00e9st, az ellen tiltakozhat, amely t\u00e1rgyban az \u00dczemeltet\u0151 vizsg\u00e1latot v\u00e9gez \u00e9s 15 napon bel\u00fcl d\u00f6nt\u00e9st hoz.<\/p><p class=\"p1\">A Felhaszn\u00e1l\u00f3 a t\u00e1j\u00e9koztat\u00e1st, helyesb\u00edt\u00e9st, t\u00f6rl\u00e9st az 1. pontban megadott el\u00e9rhet\u0151s\u00e9geken k\u00e9rheti. \u00dczemeltet\u0151 a t\u00e1j\u00e9koztat\u00e1st elektronikus lev\u00e9lben adja meg.<\/p><p class=\"p1\">A szem\u00e9lyes adatok t\u00f6rl\u00e9se sor\u00e1n az adatok felismerhetetlenn\u00e9 t\u00e9tel\u00e9re ker\u00fcl sor, oly m\u00f3don, hogy az adat \u00e9s az \u00e9rintett k\u00f6z\u00f6tti kapcsolat t\u00f6bb\u00e9 ne legyen helyre\u00e1ll\u00edthat\u00f3.<\/p><p class=\"p1\">Amennyiben a Felhaszn\u00e1l\u00f3 \u00e9s az \u00dczemeltet\u0151 k\u00f6z\u00f6tt polg\u00e1ri jogi jogviszony j\u00f6n l\u00e9tre, az adatok kezel\u00e9s\u00e9re a polg\u00e1ri jog szab\u00e1lyai is ir\u00e1nyad\u00f3k. Ebben az esetben a szem\u00e9lyes adatok polg\u00e1ri jogi ig\u00e9nyek \u00e9rv\u00e9nyes\u00edt\u00e9se \u00e9rdek\u00e9ben kezelhet\u0151k. Amennyiben a Felhaszn\u00e1l\u00f3 jogellenes cselekm\u00e9nye miatt hat\u00f3s\u00e1gi vagy b\u00edr\u00f3s\u00e1gi elj\u00e1r\u00e1s indul, ennek eredm\u00e9nyes lez\u00e1r\u00e1sa \u00e9rdek\u00e9ben az \u00dczemeltet\u0151 az adatokat kezelheti.<\/p><p class=\"p1\">Adatbiztons\u00e1g, adatok kezel\u00e9se technikai c\u00e9lb\u00f3l<\/p><p class=\"p1\">Az \u00dczemeltet\u0151 minden t\u0151le elv\u00e1rhat\u00f3 sz\u00fcks\u00e9ges int\u00e9zked\u00e9st megtesz az adatok biztons\u00e1ga \u00e9rdek\u00e9ben, gondoskodik azok megfelel\u0151 szint\u0171 v\u00e9delm\u00e9r\u0151l k\u00fcl\u00f6n\u00f6sen a jogosulatlan hozz\u00e1f\u00e9r\u00e9s, megv\u00e1ltoztat\u00e1s, tov\u00e1bb\u00edt\u00e1s, nyilv\u00e1noss\u00e1gra hozatal, t\u00f6rl\u00e9s vagy megsemmis\u00edt\u00e9s, valamint a v\u00e9letlen megsemmis\u00fcl\u00e9s \u00e9s s\u00e9r\u00fcl\u00e9s ellen. Az \u00dczemeltet\u0151 az adatok biztons\u00e1g\u00e1r\u00f3l megfelel\u0151 technikai \u00e9s szervez\u00e9si int\u00e9zked\u00e9sekkel gondoskodik.<\/p><p class=\"p1\">Adatok kezel\u00e9se technikai c\u00e9lb\u00f3l: Az \u00dczemeltet\u0151 rendszere automatikusan r\u00f6gz\u00edti a Felhaszn\u00e1l\u00f3 sz\u00e1m\u00edt\u00f3g\u00e9p\u00e9nek IP-c\u00edm\u00e9t, a l\u00e1togat\u00e1s kezd\u0151 id\u0151pontj\u00e1t, illetve egyes esetekben \u2013 a sz\u00e1m\u00edt\u00f3g\u00e9p be\u00e1ll\u00edt\u00e1s\u00e1t\u00f3l f\u00fcgg\u0151en \u2013 a b\u00f6ng\u00e9sz\u0151 \u00e9s az oper\u00e1ci\u00f3s rendszer t\u00edpus\u00e1t. Az \u00edgy r\u00f6gz\u00edtett adatok egy\u00e9b szem\u00e9lyes adatokkal nem kapcsolhat\u00f3k \u00f6ssze. Az adatok kezel\u00e9se kiz\u00e1r\u00f3lag statisztikai c\u00e9lokat szolg\u00e1l.<\/p><p class=\"p1\">Google Analytics \u00e9s Google Search Console haszn\u00e1lata, cookie-k<\/p><p class=\"p1\">A szolg\u00e1ltat\u00f3 a Felhaszn\u00e1l\u00f3 sz\u00e1m\u00edt\u00f3g\u00e9p\u00e9n cookie-t helyez el \u00e9s olvas vissza. (A cookie olyan sz\u00f6veges f\u00e1jl, melyet a honlap webszervere a Felhaszn\u00e1l\u00f3 sz\u00e1m\u00edt\u00f3g\u00e9p\u00e9nek merevlemez\u00e9re telep\u00edt annak k\u00e9s\u0151bbi azonos\u00edt\u00e1sa \u00e9rdek\u00e9ben. Ha a b\u00f6ng\u00e9sz\u0151 visszak\u00fcld egy kor\u00e1bban elmentett cookie-t, a cookie-t kezel\u0151 szolg\u00e1ltat\u00f3nak lehet\u0151s\u00e9ge van \u00f6sszekapcsolni a Felhaszn\u00e1l\u00f3 aktu\u00e1lis l\u00e1togat\u00e1s\u00e1t a kor\u00e1bbiakkal, de kiz\u00e1r\u00f3lag a saj\u00e1t tartalma tekintet\u00e9ben.)<\/p><p class=\"p1\">A cookie-t a Felhaszn\u00e1l\u00f3 t\u00f6r\u00f6lheti saj\u00e1t sz\u00e1m\u00edt\u00f3g\u00e9p\u00e9r\u0151l, illetve letilthatja b\u00f6ng\u00e9sz\u0151j\u00e9ben azok telep\u00edt\u00e9s\u00e9t, alkalmaz\u00e1s\u00e1t, ugyanakkor a cookie-k letilt\u00e1sa a b\u00f6ng\u00e9sz\u0151 haszn\u00e1lati komfortj\u00e1t befoly\u00e1solhatja. A cookie kezel\u00e9s\u00e9re \u00e1ltal\u00e1ban a b\u00f6ng\u00e9sz\u0151k Eszk\u00f6z\u00f6k\/Be\u00e1ll\u00edt\u00e1sok men\u00fcj\u00e9ben az Adatv\u00e9delem be\u00e1ll\u00edt\u00e1sai alatt, cookie megnevez\u00e9ssel van lehet\u0151s\u00e9g.<\/p><p class=\"p1\">Marketing c\u00e9l\u00fa cookie alkalmaz\u00e1sa eset\u00e9n \u00dczemeltet\u0151 minden esetben enged\u00e9lyt k\u00e9r annak haszn\u00e1lat\u00e1ra az els\u0151 l\u00e1togat\u00e1s alkalm\u00e1val a Felhaszn\u00e1l\u00f3t\u00f3l, amely enged\u00e9lyt Felhaszn\u00e1l\u00f3 a cookie s\u00e1vban elhelyezett gombra t\u00f6rt\u00e9n\u0151 kattint\u00e1ssal fogadhat el. A hozz\u00e1j\u00e1rul\u00e1s b\u00e1rmikor visszavonhat\u00f3.<\/p><p class=\"p1\">A Weboldal haszn\u00e1lja a Google Analytics-t, amely a Google Inc. (1600 Amphitheatre Parkway, Mountain View, CA 94043, USA; a tov\u00e1bbiakban: Google) web vizsg\u00e1l\u00f3 szolg\u00e1ltat\u00e1sa. A Google Analytics cookie-kat haszn\u00e1l, amelyek \u00e1ltal l\u00e9trehozott inform\u00e1ci\u00f3 (az IP c\u00edmet is bele\u00e9rtve) a Google egyik USA-ban lev\u0151 szerver\u00e9re ker\u00fcl tov\u00e1bb\u00edt\u00e1sra \u00e9s t\u00e1rol\u00e1sra.<\/p><p class=\"p1\">(A Google ezt az inform\u00e1ci\u00f3t a honlap haszn\u00e1lat\u00e1nak \u00e9rt\u00e9kel\u00e9s\u00e9re, \u00e9s a honlap oper\u00e1tor r\u00e9sz\u00e9re, a honlap tev\u00e9kenys\u00e9gr\u0151l sz\u00f3l\u00f3 kimutat\u00e1sok k\u00e9sz\u00edt\u00e9s\u00e9re haszn\u00e1lja, tov\u00e1bb\u00e1 arra a c\u00e9lra haszn\u00e1lja, hogy tov\u00e1bbi olyan szolg\u00e1ltat\u00e1sokat ny\u00fajtson, amelyek a honlapokkal, illetve internet haszn\u00e1lattal \u00e1llnak kapcsolatban. Semmilyen k\u00f6r\u00fclm\u00e9nyek k\u00f6z\u00f6tt nem fogja a Google a Felhaszn\u00e1l\u00f3 IP c\u00edm\u00e9t a Google m\u00e1s adat\u00e1val \u00f6sszekapcsolni. A k\u00f3dk\u00e9szlet szem\u00e9lyes adatokat nem gy\u0171jt, nem t\u00e1rol, nem tov\u00e1bb\u00edt. A k\u00f3dk\u00e9szlet haszn\u00e1lat\u00e1r\u00f3l, m\u0171k\u00f6d\u00e9s\u00e9r\u0151l a\u00a0<a href=\"http:\/\/support.google.com\/\"><span class=\"s1\">http:\/\/support.google.com<\/span><\/a>\u00a0oldalon tal\u00e1lhat\u00f3 b\u0151vebb inform\u00e1ci\u00f3.)<\/p><p class=\"p1\">\u00dczemeltet\u0151 haszn\u00e1lja tov\u00e1bb\u00e1 a Google Search Console-t, melynek seg\u00edts\u00e9g\u00e9vel regisztr\u00e1ci\u00f3 n\u00e9lk\u00fcl figyelemmel k\u00eds\u00e9rheti, fenntarthatja \u00e9s jav\u00edthatja webhely\u00e9nek jelenl\u00e9t\u00e9t a Google Keres\u00e9s tal\u00e1latai k\u00f6zt. Haszn\u00e1lat\u00e1val figyelemmel k\u00eds\u00e9rhet\u0151k az oldalbet\u00f6lt\u00e9si hib\u00e1k, valamint a biztons\u00e1gi probl\u00e9m\u00e1k, p\u00e9ld\u00e1ul a webhely felt\u00f6r\u00e9se \u00e9s a rosszindulat\u00fa programok. A szolg\u00e1ltat\u00e1s el\u0151seg\u00edti azt is, hogy a webhely karbantart\u00e1s\u00e1ra \u00e9s m\u00f3dos\u00edt\u00e1s\u00e1ra z\u00f6kken\u0151mentesen, a keres\u00e9si teljes\u00edtm\u00e9ny figyelembev\u00e9tel\u00e9vel ker\u00fclj\u00f6n sor. Ez a k\u00f3dk\u00e9szlet sem gy\u0171jt, t\u00e1rol vagy tov\u00e1bb\u00edt szem\u00e9lyes adatokat.<\/p><p class=\"p1\">Tov\u00e1bbi inform\u00e1ci\u00f3, valamint a Google adatv\u00e9delmi nyilatkozata az al\u00e1bbi oldalon \u00e9rhet\u0151 el:\u00a0<a href=\"http:\/\/www.google.de\/policies\/privacy\/\"><span class=\"s1\">www.google.de\/policies\/privacy\/<\/span><\/a><\/p><p class=\"p1\">Facebook-pixel<\/p><p class=\"p1\">A Facebook-k\u00e9ppont olyan k\u00f3d, amelynek a seg\u00edts\u00e9g\u00e9vel a Weboldalon jelent\u00e9s k\u00e9sz\u00fcl a konverzi\u00f3kr\u00f3l, c\u00e9lk\u00f6z\u00f6ns\u00e9gek \u00e1ll\u00edthat\u00f3k \u00f6ssze, \u00e9s az oldal tulajdonosa r\u00e9szletes elemz\u00e9si adatokat kap a Felhaszn\u00e1l\u00f3k Weboldal haszn\u00e1lat\u00e1r\u00f3l. A Facebook remarketing pixel k\u00f6vet\u0151k\u00f3d seg\u00edts\u00e9g\u00e9vel a weboldal l\u00e1togat\u00f3inak szem\u00e9lyre szabott aj\u00e1nlatokat, hirdet\u00e9seket jelen\u00edthet meg a Facebook fel\u00fclet\u00e9n. A Facebook remarketing lista nem alkalmas szem\u00e9lyazonos\u00edt\u00e1sra. A Facebook Pixellel \/ Facebook-k\u00e9pponttal kapcsolatosan tov\u00e1bbi inform\u00e1ci\u00f3 itt tal\u00e1lhat\u00f3:\u00a0<a href=\"https:\/\/www.facebook.com\/business\/help\/651294705016616\"><span class=\"s1\">https:\/\/www.facebook.com\/business\/help\/651294705016616<\/span><\/a><\/p><p class=\"p1\">A Felhaszn\u00e1l\u00f3kra vonatkoz\u00f3 szab\u00e1lyok<\/p><p class=\"p1\">A Felhaszn\u00e1l\u00f3 k\u00f6teless\u00e9gei \u00e9s felel\u0151ss\u00e9ge, elj\u00e1r\u00e1s a szab\u00e1lys\u00e9rt\u0151 Felhaszn\u00e1l\u00f3val szemben<\/p><p class=\"p1\">A Felhaszn\u00e1l\u00f3 k\u00f6teles adatai megad\u00e1sa sor\u00e1n kell\u0151 gondoss\u00e1ggal elj\u00e1rni. Az \u00dczemeltet\u0151 nem tehet\u0151 felel\u0151ss\u00e9 az\u00e9rt a k\u00e1r\u00e9rt, amely abb\u00f3l eredt, hogy a Felhaszn\u00e1l\u00f3 adatai v\u00e9delm\u00e9r\u0151l nem megfelel\u0151en gondoskodott.<\/p><p class=\"p1\">A Felhaszn\u00e1l\u00f3 az oldalt csak saj\u00e1t felel\u0151ss\u00e9g\u00e9re haszn\u00e1lhatja. Az \u00dczemeltet\u0151 nem v\u00e1llal felel\u0151ss\u00e9get a Felhaszn\u00e1l\u00f3t az oldal haszn\u00e1lata sor\u00e1n \u00e9rt olyan k\u00e1rok\u00e9rt, kellemetlens\u00e9gek\u00e9rt, amelyek abb\u00f3l ad\u00f3dtak, hogy a Felhaszn\u00e1l\u00f3 az oldal haszn\u00e1lata sor\u00e1n nem a kell\u0151 k\u00f6r\u00fcltekint\u00e9ssel j\u00e1rt el.<\/p><p class=\"p1\">A Felhaszn\u00e1l\u00f3 adatait csak saj\u00e1t felel\u0151ss\u00e9g\u00e9re hozhatja nyilv\u00e1noss\u00e1gra, teheti m\u00e1sok sz\u00e1m\u00e1ra hozz\u00e1f\u00e9rhet\u0151v\u00e9.<\/p><p class=\"p1\">A Felhaszn\u00e1l\u00f3 k\u00f6teles az oldal haszn\u00e1lata sor\u00e1n tisztess\u00e9gesen, m\u00e1sok jogainak \u00e9s \u00e9rdekeinek szem el\u0151tt tart\u00e1s\u00e1val elj\u00e1rni.<\/p><p class=\"p1\">A Felhaszn\u00e1l\u00f3 k\u00f6teles tiszteletben tartani a hat\u00e1lyos jogszab\u00e1lyokat, \u00e9s a haszn\u00e1lat sor\u00e1n k\u00f6teles tart\u00f3zkodni minden olyan tev\u00e9kenys\u00e9gt\u0151l, amely jogellenes, vagy amely m\u00e1sok \u00e9rdekeit s\u00e9rti.<\/p><p class=\"p1\">Valamennyi Felhaszn\u00e1l\u00f3 k\u00f6teles tart\u00f3zkodni minden olyan tev\u00e9kenys\u00e9gt\u0151l, amely az oldal rendeltet\u00e9sszer\u0171 haszn\u00e1lat\u00e1t akad\u00e1lyozza.<\/p><p class=\"p1\">Valamennyi Felhaszn\u00e1l\u00f3 k\u00f6teles tart\u00f3zkodni minden olyan tev\u00e9kenys\u00e9gt\u0151l, amely az \u00dczemeltet\u0151 \u00e9rdekeit s\u00e9rti. Ezen bel\u00fcl a Felhaszn\u00e1l\u00f3 k\u00f6teles k\u00fcl\u00f6n\u00f6sen tart\u00f3zkodni az oldal m\u0171k\u00f6d\u00e9s\u00e9nek megzavar\u00e1s\u00e1t\u00f3l, akad\u00e1lyoz\u00e1s\u00e1t\u00f3l, olyan tev\u00e9kenys\u00e9gekt\u0151l, amely az \u00dczemeltet\u0151 \u00fczleti titkainak, \u00e1ltala titokban tartott inform\u00e1ci\u00f3knak a megszerz\u00e9s\u00e9re, felhaszn\u00e1l\u00e1s\u00e1ra ir\u00e1nyul. Felhaszn\u00e1l\u00f3 k\u00f6teles tart\u00f3zkodni minden olyan kommunik\u00e1ci\u00f3t\u00f3l, amely a szolg\u00e1ltat\u00e1sra vonatkoz\u00f3, val\u00f3tlan inform\u00e1ci\u00f3t hordoz.<\/p><p class=\"p1\">K\u00f6teles tov\u00e1bb\u00e1 tart\u00f3zkodni minden olyan tev\u00e9kenys\u00e9gt\u0151l, amely az oldal informatikai biztons\u00e1g\u00e1t vesz\u00e9lyezteti.<\/p><p class=\"p1\">Saj\u00e1t vagy m\u00e1s szem\u00e9ly term\u00e9k\u00e9nek vagy szolg\u00e1ltat\u00e1s\u00e1nak a rekl\u00e1moz\u00e1s\u00e1ra ir\u00e1nyul\u00f3 tev\u00e9kenys\u00e9g tilos.<\/p><p class=\"p1\">A Felhaszn\u00e1l\u00f3k az aj\u00e1nlatk\u00e9r\u00e9s sor\u00e1n csak saj\u00e1t szem\u00e9lyes adataikat adhatj\u00e1k meg. M\u00e1s szem\u00e9lyek adatainak megad\u00e1sa jogellenes adatkezel\u00e9snek min\u0151s\u00fcl, amelynek a k\u00fcl\u00f6n jogszab\u00e1lyokban meghat\u00e1rozott k\u00f6vetkezm\u00e9nyei lehetnek. M\u00e1s szem\u00e9lyes adataival val\u00f3 vissza\u00e9l\u00e9s eset\u00e9n az \u00dczemeltet\u0151 az elj\u00e1r\u00f3 hat\u00f3s\u00e1goknak seg\u00edts\u00e9get ny\u00fajt a jogs\u00e9rt\u00e9s felt\u00e1r\u00e1sa, a jogs\u00e9rt\u00e9st elk\u00f6vet\u0151 azonos\u00edt\u00e1sa \u00e9rdek\u00e9ben. Jelen pontban \u00edrt korl\u00e1toz\u00e1sok az oldal valamennyi l\u00e1togat\u00f3j\u00e1ra vonatkoznak.<\/p><p class=\"p1\">Amennyiben a Felhaszn\u00e1l\u00f3 magatart\u00e1sa alapj\u00e1n hat\u00f3s\u00e1gi, b\u00edr\u00f3s\u00e1gi elj\u00e1r\u00e1snak van helye, az \u00dczemeltet\u0151 a Felhaszn\u00e1l\u00f3 azonos\u00edt\u00e1s\u00e1hoz sz\u00fcks\u00e9ges adatait, tov\u00e1bb\u00e1 a jogs\u00e9rt\u00e9sre vonatkoz\u00f3 adatokat t\u00e1rolhatja, \u00e9s az elj\u00e1r\u00f3 szerveknek \u00e1tadhatja.<\/p><p class=\"p1\">\u00dczemeltet\u0151 felel\u0151ss\u00e9g\u00e9nek kiz\u00e1r\u00e1sa<\/p><p class=\"p1\">Az \u00dczemeltet\u0151 v\u00e1llalja, hogy minden t\u0151le elv\u00e1rhat\u00f3 int\u00e9zked\u00e9st megtesz a szolg\u00e1ltat\u00e1s zavartalans\u00e1ga \u00e9s folyamatoss\u00e1ga \u00e9rdek\u00e9ben, azonban nem szavatolja a weboldal el\u00e9r\u00e9s\u00e9nek sz\u00fcnetmentess\u00e9g\u00e9t, nem tehet\u0151 felel\u0151ss\u00e9 tov\u00e1bb\u00e1 a szolg\u00e1ltat\u00e1s felf\u00fcggeszt\u00e9s\u00e9\u00e9rt vagy megsz\u00fcntet\u00e9s\u00e9\u00e9rt. Az \u00dczemeltet\u0151 a Felhaszn\u00e1l\u00f3k magatart\u00e1s\u00e1\u00e9rt felel\u0151ss\u00e9get nem v\u00e1llal.<\/p><p class=\"p1\">A Weboldalon k\u00f6zz\u00e9tett inform\u00e1ci\u00f3k nem min\u0151s\u00fclnek aj\u00e1nlatnak, puszt\u00e1n t\u00e1j\u00e9koztat\u00f3 jelleg\u0171ek. Az \u00dczemeltet\u0151 nem v\u00e1llal felel\u0151ss\u00e9get az\u00e9rt, hogy a Weboldalon megjelen\u0151 szolg\u00e1ltat\u00e1sok t\u00e9nylegesen el\u00e9rhet\u0151k lesznek a j\u00f6v\u0151ben. A Weboldalon k\u00f6zz\u00e9tett inform\u00e1ci\u00f3k megismer\u00e9se nem v\u00e1ltja ki a szolg\u00e1ltat\u00e1sok haszn\u00e1lat\u00e1ra, ig\u00e9nybev\u00e9tel\u00e9re vonatkoz\u00f3 hivatalos t\u00e1j\u00e9koztat\u00e1sok megismer\u00e9s\u00e9t.<\/p><p class=\"p1\">Az \u00dczemeltet\u0151 \u00f6sszes, annak megakad\u00e1lyoz\u00e1s\u00e1ra val\u00f3 t\u00f6rekv\u00e9se ellen\u00e9re el\u0151fordulhat, hogy a Weboldalon az \u00dczemeltet\u0151 akarat\u00e1t\u00f3l \u00e9s r\u00e1hat\u00e1s\u00e1t\u00f3l f\u00fcggetlen v\u00e1ltoztat\u00e1s t\u00f6rt\u00e9nik, ez\u00e9rt \u2013 ha jogszab\u00e1ly m\u00e1sk\u00e9nt nem rendelkezik \u2013 az \u00dczemeltet\u0151 semmilyen term\u00e9szet\u0171 felel\u0151ss\u00e9get nem v\u00e1llal a honlapj\u00e1nak pontoss\u00e1g\u00e1ra, megb\u00edzhat\u00f3s\u00e1g\u00e1ra, aktualit\u00e1s\u00e1ra vagy tartalm\u00e1ra vonatkoz\u00f3an, a honlapon el\u00e9rhet\u0151 inform\u00e1ci\u00f3k tekintet\u00e9ben. Az \u00dczemeltet\u0151 nem v\u00e1llal felel\u0151ss\u00e9get olyan, harmadik f\u00e9l \u00e1ltal l\u00e9trehozott vagy k\u00f6zz\u00e9tett anyagok\u00e9rt, amelyek az \u00dczemeltet\u0151 honlapj\u00e1hoz kapcsol\u00f3dnak, illetve arra hivatkoznak. Az \u00dczemeltet\u0151 nem felel azok\u00e9rt a k\u00e1rok\u00e9rt, vesztes\u00e9gek\u00e9rt, k\u00f6lts\u00e9gek\u00e9rt, amelyek a honlapj\u00e1val kapcsolatban, azok haszn\u00e1lat\u00e1b\u00f3l vagy haszn\u00e1lhatatlans\u00e1g\u00e1b\u00f3l, nem megfelel\u0151 m\u0171k\u00f6d\u00e9s\u00e9b\u0151l, meghib\u00e1sod\u00e1s\u00e1b\u00f3l, sz\u00e1m\u00edt\u00f3g\u00e9pes v\u00edrusb\u00f3l, vonal- vagy rendszerhib\u00e1b\u00f3l, vagy m\u00e1s hasonl\u00f3 okb\u00f3l k\u00f6vetkeznek be.<\/p><p class=\"p1\">A Weboldal olyan linkeket is tartalmazhat, amelyek olyan oldalakra mutatnak, amelyeket nem az \u00dczemeltet\u0151 \u00fczemeltet, csup\u00e1n a Felhaszn\u00e1l\u00f3k t\u00e1j\u00e9koztat\u00e1s\u00e1t szolg\u00e1lj\u00e1k. Az \u00dczemeltet\u0151nek nincs semmi befoly\u00e1sa ezen weboldalak tartalm\u00e1ra \u00e9s biztons\u00e1g\u00e1ra \u00edgy nem is tartozik felel\u0151ss\u00e9ggel azok\u00e9rt.<\/p><p class=\"p1\">Jog\u00e9rv\u00e9nyes\u00edt\u00e9s<\/p><p class=\"p1\">A Felhaszn\u00e1l\u00f3k panaszaikkal, kifog\u00e1saikkal fordulhatnak k\u00f6zvetlen\u00fcl az \u00dczemeltet\u0151h\u00f6z \u2013 amelyet az \u00dczemeltet\u0151 1. pont szerinti el\u00e9rhet\u0151s\u00e9geire sz\u00fcks\u00e9ges elk\u00fcldeni \u2013 \u00e9s az \u00dczemeltet\u0151 minden t\u0151le telhet\u0151t megtesz az esetleges jogs\u00e9rt\u00e9sek megsz\u00fcntet\u00e9se \u00e9s orvosl\u00e1sa \u00e9rdek\u00e9ben. Az \u00dczemeltet\u0151 a hozz\u00e1 beny\u00fajtott panaszokat megvizsg\u00e1lja, \u00e9s \u00e1ll\u00e1spontj\u00e1r\u00f3l, megtett int\u00e9zked\u00e9seir\u0151l a Felhaszn\u00e1l\u00f3t t\u00e1j\u00e9koztatja.<\/p><p class=\"p1\">A Felhaszn\u00e1l\u00f3 az Infotv. alapj\u00e1n az \u00dczemeltet\u0151h\u00f6z, mint adatkezel\u0151h\u00f6z t\u00f6rt\u00e9n\u0151 fordul\u00e1son t\u00fal panaszaival k\u00f6zvetlen\u00fcl is fordulhat Nemzeti Adatv\u00e9delmi \u00e9s Inform\u00e1ci\u00f3szabads\u00e1g Hat\u00f3s\u00e1ghoz[1], illetve ig\u00e9ny\u00e9t b\u00edr\u00f3s\u00e1gi \u00faton is \u00e9rv\u00e9nyes\u00edtheti.<\/p><p class=\"p1\">Z\u00e1rsz\u00f3<\/p><p class=\"p1\">Az Adatkezel\u00e9si T\u00e1j\u00e9koztat\u00f3 m\u00f3dos\u00edt\u00e1s\u00e1nak jog\u00e1t az \u00dczemeltet\u0151 fenntartja, azonban azt a hat\u00e1lyos tartalommal t\u00fcnteti fel honlapj\u00e1n, amely mindenkor b\u00e1rki \u00e1ltal el\u00e9rhet\u0151 \u00e9s nyilv\u00e1nos. A m\u00f3dos\u00edt\u00e1sok csak a k\u00f6zz\u00e9t\u00e9telt k\u00f6vet\u0151en hat\u00e1lyosak, de az \u00dczemeltet\u0151 nem k\u00f6teles a m\u00f3dos\u00edt\u00e1sokr\u00f3l k\u00fcl\u00f6n \u00e9rtes\u00edt\u00e9st k\u00fcldeni a Felhaszn\u00e1l\u00f3k r\u00e9sz\u00e9re.<\/p><p class=\"p1\">Jelen Adatv\u00e9delmi T\u00e1j\u00e9koztat\u00f3 2023.11.01. napj\u00e1n l\u00e9pett hat\u00e1lyba.<\/p><p class=\"p1\">[1] Nemzeti Adatv\u00e9delmi \u00e9s Inform\u00e1ci\u00f3szabads\u00e1g Hat\u00f3s\u00e1g (NAIH)<\/p><p class=\"p1\">c\u00edm: 1125 Budapest, Szil\u00e1gyi Erzs\u00e9bet fasor 22\/c<\/p><p class=\"p1\">postac\u00edm: 1530 Budapest, Pf.: 5<\/p><p class=\"p1\">e-mail: ugyfelszolgalat@naih.hu<\/p><p class=\"p1\">telefon: +36 (1) 391-1400, fax.: +36 (1) 391-1410<\/p><p class=\"p3\"><span class=\"s3\">honlap:\u00a0<a href=\"http:\/\/www.naih.hu58746134-1-33\/\"><span class=\"s2\">www.naih.hu58746134-1-33<\/span><\/a><\/span><\/p>\t\t\t\t\t\t\t\t<\/div>\n\t\t\t\t<\/div>\n\t\t\t\t<section class=\"elementor-section elementor-inner-section elementor-element elementor-element-7449d62c elementor-section-boxed elementor-section-height-default elementor-section-height-default\" data-id=\"7449d62c\" data-element_type=\"section\" data-e-type=\"section\" data-settings=\"{&quot;_ha_eqh_enable&quot;:false}\">\n\t\t\t\t\t\t<div class=\"elementor-container elementor-column-gap-default\">\n\t\t\t\t\t<div class=\"elementor-column elementor-col-100 elementor-inner-column elementor-element elementor-element-2afec60b\" data-id=\"2afec60b\" data-element_type=\"column\" data-e-type=\"column\">\n\t\t\t<div class=\"elementor-widget-wrap elementor-element-populated\">\n\t\t\t\t\t\t<div class=\"elementor-element elementor-element-6ded5548 elementor-align-right elementor-widget__width-auto elementor-widget elementor-widget-button\" data-id=\"6ded5548\" data-element_type=\"widget\" data-e-type=\"widget\" data-widget_type=\"button.default\">\n\t\t\t\t<div class=\"elementor-widget-container\">\n\t\t\t\t\t\t\t\t\t<div class=\"elementor-button-wrapper\">\n\t\t\t\t\t<a class=\"elementor-button elementor-button-link elementor-size-md\" href=\"https:\/\/majorresidence.hu\/\">\n\t\t\t\t\t\t<span class=\"elementor-button-content-wrapper\">\n\t\t\t\t\t\t\t\t\t<span class=\"elementor-button-text\">Vissza a f\u0151oldalra<\/span>\n\t\t\t\t\t<\/span>\n\t\t\t\t\t<\/a>\n\t\t\t\t<\/div>\n\t\t\t\t\t\t\t\t<\/div>\n\t\t\t\t<\/div>\n\t\t\t\t\t<\/div>\n\t\t<\/div>\n\t\t\t\t\t<\/div>\n\t\t<\/section>\n\t\t\t\t\t<\/div>\n\t\t<\/div>\n\t\t\t\t\t<\/div>\n\t\t<\/section>\n\t\t\t\t<\/div>\n\t\t","protected":false},"excerpt":{"rendered":"<p>Adatkezel\u00e9si t\u00e1j\u00e9koztat\u00f3 Preambulum \u00e9s fogalommagyar\u00e1zat Jelen Weboldal c\u00e9lja az azt \u00fczemeltet\u0151 Sur\u00e1nyi Gyula Kund ad\u00f3sz\u00e1mos mag\u00e1nszem\u00e9ly (a tov\u00e1bbiakban: \u00dczemeltet\u0151) tev\u00e9kenys\u00e9g\u00e9nek bemutat\u00e1sa, t\u00e1j\u00e9koztat\u00e1s ad\u00e1sa az \u00dczemeltet\u0151 tev\u00e9kenys\u00e9g\u00e9r\u0151l, az ezekre vonatkoz\u00f3 szab\u00e1lyokr\u00f3l. Jelen Adatv\u00e9delmi T\u00e1j\u00e9koztat\u00f3 a term\u00e9szetes szem\u00e9lyeknek a szem\u00e9lyes adatok kezel\u00e9se tekintet\u00e9ben t\u00f6rt\u00e9n\u0151 v\u00e9delm\u00e9re \u00e9s a szem\u00e9lyes adatok szabad \u00e1raml\u00e1s\u00e1ra vonatkoz\u00f3 szab\u00e1lyokat \u00e1llap\u00edt meg, \u00edgy k\u00fcl\u00f6n\u00f6sen [&hellip;]<\/p>\n","protected":false},"author":1,"featured_media":0,"parent":0,"menu_order":0,"comment_status":"closed","ping_status":"closed","template":"","meta":{"footnotes":""},"class_list":["post-574","page","type-page","status-publish","hentry"],"yoast_head":"<!-- This site is optimized with the Yoast SEO Premium plugin v27.1 (Yoast SEO v27.1.1) - https:\/\/yoast.com\/product\/yoast-seo-premium-wordpress\/ -->\n<title>Major Residence \u2013 Feln\u0151ttbar\u00e1t pr\u00e9mium lakoszt\u00e1lyok Tihanyban<\/title>\n<meta name=\"description\" content=\"Feln\u0151ttbar\u00e1t pr\u00e9mium lakoszt\u00e1lyok Tihany csendes r\u00e9sz\u00e9n. Nyugalom, panor\u00e1ma \u00e9s ig\u00e9nyes k\u00f6rnyezet kiz\u00e1r\u00f3lag feln\u0151tt vend\u00e9geknek.\" \/>\n<meta name=\"robots\" content=\"index, follow, max-snippet:-1, max-image-preview:large, max-video-preview:-1\" \/>\n<link rel=\"canonical\" href=\"https:\/\/majorresidence.hu\/en\/adatkezeles\/\" \/>\n<meta property=\"og:locale\" content=\"en_GB\" \/>\n<meta property=\"og:type\" content=\"article\" \/>\n<meta property=\"og:title\" content=\"Major Residence \u2013 Feln\u0151ttbar\u00e1t pr\u00e9mium lakoszt\u00e1lyok Tihanyban\" \/>\n<meta property=\"og:description\" content=\"Feln\u0151ttbar\u00e1t pr\u00e9mium lakoszt\u00e1lyok Tihany csendes r\u00e9sz\u00e9n. Nyugalom, panor\u00e1ma \u00e9s ig\u00e9nyes k\u00f6rnyezet kiz\u00e1r\u00f3lag feln\u0151tt vend\u00e9geknek.\" \/>\n<meta property=\"og:url\" content=\"https:\/\/majorresidence.hu\/en\/adatkezeles\/\" \/>\n<meta property=\"og:site_name\" content=\"Major Residence Tihany\" \/>\n<meta property=\"article:publisher\" content=\"https:\/\/www.facebook.com\/majorresidencetihany\" \/>\n<meta property=\"article:modified_time\" content=\"2023-11-22T10:09:30+00:00\" \/>\n<meta property=\"og:image\" content=\"https:\/\/majorresidence.hu\/wp-content\/uploads\/2023\/11\/unnamed-scaled.jpg\" \/>\n\t<meta property=\"og:image:width\" content=\"2560\" \/>\n\t<meta property=\"og:image:height\" content=\"1707\" \/>\n\t<meta property=\"og:image:type\" content=\"image\/jpeg\" \/>\n<meta name=\"twitter:card\" content=\"summary_large_image\" \/>\n<meta name=\"twitter:label1\" content=\"Estimated reading time\" \/>\n\t<meta name=\"twitter:data1\" content=\"22 minutes\" \/>\n<script type=\"application\/ld+json\" class=\"yoast-schema-graph\">{\"@context\":\"https:\/\/schema.org\",\"@graph\":[{\"@type\":\"WebPage\",\"@id\":\"https:\/\/majorresidence.hu\/adatkezeles\/\",\"url\":\"https:\/\/majorresidence.hu\/adatkezeles\/\",\"name\":\"Major Residence \u2013 Feln\u0151ttbar\u00e1t pr\u00e9mium lakoszt\u00e1lyok Tihanyban\",\"isPartOf\":{\"@id\":\"https:\/\/majorresidence.hu\/en\/#website\"},\"datePublished\":\"2023-11-06T12:34:57+00:00\",\"dateModified\":\"2023-11-22T10:09:30+00:00\",\"description\":\"Feln\u0151ttbar\u00e1t pr\u00e9mium lakoszt\u00e1lyok Tihany csendes r\u00e9sz\u00e9n. Nyugalom, panor\u00e1ma \u00e9s ig\u00e9nyes k\u00f6rnyezet kiz\u00e1r\u00f3lag feln\u0151tt vend\u00e9geknek.\",\"breadcrumb\":{\"@id\":\"https:\/\/majorresidence.hu\/adatkezeles\/#breadcrumb\"},\"inLanguage\":\"en-GB\",\"potentialAction\":[{\"@type\":\"ReadAction\",\"target\":[\"https:\/\/majorresidence.hu\/adatkezeles\/\"]}]},{\"@type\":\"BreadcrumbList\",\"@id\":\"https:\/\/majorresidence.hu\/adatkezeles\/#breadcrumb\",\"itemListElement\":[{\"@type\":\"ListItem\",\"position\":1,\"name\":\"Home\",\"item\":\"https:\/\/majorresidence.hu\/\"},{\"@type\":\"ListItem\",\"position\":2,\"name\":\"Adatkezel\u00e9s\"}]},{\"@type\":\"WebSite\",\"@id\":\"https:\/\/majorresidence.hu\/en\/#website\",\"url\":\"https:\/\/majorresidence.hu\/en\/\",\"name\":\"Major Residence Tihany\",\"description\":\"Exkluz\u00edv lakoszt\u00e1lyok\",\"publisher\":{\"@id\":\"https:\/\/majorresidence.hu\/en\/#organization\"},\"potentialAction\":[{\"@type\":\"SearchAction\",\"target\":{\"@type\":\"EntryPoint\",\"urlTemplate\":\"https:\/\/majorresidence.hu\/en\/?s={search_term_string}\"},\"query-input\":{\"@type\":\"PropertyValueSpecification\",\"valueRequired\":true,\"valueName\":\"search_term_string\"}}],\"inLanguage\":\"en-GB\"},{\"@type\":\"Organization\",\"@id\":\"https:\/\/majorresidence.hu\/en\/#organization\",\"name\":\"Major Residence Tihany\",\"url\":\"https:\/\/majorresidence.hu\/en\/\",\"logo\":{\"@type\":\"ImageObject\",\"inLanguage\":\"en-GB\",\"@id\":\"https:\/\/majorresidence.hu\/en\/#\/schema\/logo\/image\/\",\"url\":\"https:\/\/majorresidence.hu\/wp-content\/uploads\/2021\/11\/MR_LOGO-scaled.jpg\",\"contentUrl\":\"https:\/\/majorresidence.hu\/wp-content\/uploads\/2021\/11\/MR_LOGO-scaled.jpg\",\"width\":2560,\"height\":1536,\"caption\":\"Major Residence Tihany\"},\"image\":{\"@id\":\"https:\/\/majorresidence.hu\/en\/#\/schema\/logo\/image\/\"},\"sameAs\":[\"https:\/\/www.facebook.com\/majorresidencetihany\"]}]}<\/script>\n<!-- \/ Yoast SEO Premium plugin. -->","yoast_head_json":{"title":"Major Residence \u2013 Adults-Only Premium Suites in Tihany","description":"Adults-only premium suites in a peaceful part of Tihany. Tranquil atmosphere, panoramic views and refined design for adult guests only.","robots":{"index":"index","follow":"follow","max-snippet":"max-snippet:-1","max-image-preview":"max-image-preview:large","max-video-preview":"max-video-preview:-1"},"canonical":"https:\/\/majorresidence.hu\/en\/adatkezeles\/","og_locale":"en_GB","og_type":"article","og_title":"Major Residence \u2013 Feln\u0151ttbar\u00e1t pr\u00e9mium lakoszt\u00e1lyok Tihanyban","og_description":"Feln\u0151ttbar\u00e1t pr\u00e9mium lakoszt\u00e1lyok Tihany csendes r\u00e9sz\u00e9n. Nyugalom, panor\u00e1ma \u00e9s ig\u00e9nyes k\u00f6rnyezet kiz\u00e1r\u00f3lag feln\u0151tt vend\u00e9geknek.","og_url":"https:\/\/majorresidence.hu\/en\/adatkezeles\/","og_site_name":"Major Residence Tihany","article_publisher":"https:\/\/www.facebook.com\/majorresidencetihany","article_modified_time":"2023-11-22T10:09:30+00:00","og_image":[{"width":2560,"height":1707,"url":"https:\/\/majorresidence.hu\/wp-content\/uploads\/2023\/11\/unnamed-scaled.jpg","type":"image\/jpeg"}],"twitter_card":"summary_large_image","twitter_misc":{"Estimated reading time":"22 minutes"},"schema":{"@context":"https:\/\/schema.org","@graph":[{"@type":"WebPage","@id":"https:\/\/majorresidence.hu\/adatkezeles\/","url":"https:\/\/majorresidence.hu\/adatkezeles\/","name":"Major Residence \u2013 Adults-Only Premium Suites in Tihany","isPartOf":{"@id":"https:\/\/majorresidence.hu\/en\/#website"},"datePublished":"2023-11-06T12:34:57+00:00","dateModified":"2023-11-22T10:09:30+00:00","description":"Adults-only premium suites in a peaceful part of Tihany. Tranquil atmosphere, panoramic views and refined design for adult guests only.","breadcrumb":{"@id":"https:\/\/majorresidence.hu\/adatkezeles\/#breadcrumb"},"inLanguage":"en-GB","potentialAction":[{"@type":"ReadAction","target":["https:\/\/majorresidence.hu\/adatkezeles\/"]}]},{"@type":"BreadcrumbList","@id":"https:\/\/majorresidence.hu\/adatkezeles\/#breadcrumb","itemListElement":[{"@type":"ListItem","position":1,"name":"Home","item":"https:\/\/majorresidence.hu\/"},{"@type":"ListItem","position":2,"name":"Adatkezel\u00e9s"}]},{"@type":"WebSite","@id":"https:\/\/majorresidence.hu\/en\/#website","url":"https:\/\/majorresidence.hu\/en\/","name":"Major Residence \u2013 Adults-Only Premium Suites in Tihany","description":"Exkluz\u00edv lakoszt\u00e1lyok","publisher":{"@id":"https:\/\/majorresidence.hu\/en\/#organization"},"potentialAction":[{"@type":"SearchAction","target":{"@type":"EntryPoint","urlTemplate":"https:\/\/majorresidence.hu\/en\/?s={search_term_string}"},"query-input":{"@type":"PropertyValueSpecification","valueRequired":true,"valueName":"search_term_string"}}],"inLanguage":"en-GB"},{"@type":"Organization","@id":"https:\/\/majorresidence.hu\/en\/#organization","name":"Major Residence \u2013 Adults-Only Premium Suites in Tihany","url":"https:\/\/majorresidence.hu\/en\/","logo":{"@type":"ImageObject","inLanguage":"en-GB","@id":"https:\/\/majorresidence.hu\/en\/#\/schema\/logo\/image\/","url":"https:\/\/majorresidence.hu\/wp-content\/uploads\/2021\/11\/MR_LOGO-scaled.jpg","contentUrl":"https:\/\/majorresidence.hu\/wp-content\/uploads\/2021\/11\/MR_LOGO-scaled.jpg","width":2560,"height":1536,"caption":"Major Residence Tihany"},"image":{"@id":"https:\/\/majorresidence.hu\/en\/#\/schema\/logo\/image\/"},"sameAs":["https:\/\/www.facebook.com\/majorresidencetihany"]}]}},"_links":{"self":[{"href":"https:\/\/majorresidence.hu\/en\/wp-json\/wp\/v2\/pages\/574","targetHints":{"allow":["GET"]}}],"collection":[{"href":"https:\/\/majorresidence.hu\/en\/wp-json\/wp\/v2\/pages"}],"about":[{"href":"https:\/\/majorresidence.hu\/en\/wp-json\/wp\/v2\/types\/page"}],"author":[{"embeddable":true,"href":"https:\/\/majorresidence.hu\/en\/wp-json\/wp\/v2\/users\/1"}],"replies":[{"embeddable":true,"href":"https:\/\/majorresidence.hu\/en\/wp-json\/wp\/v2\/comments?post=574"}],"version-history":[{"count":0,"href":"https:\/\/majorresidence.hu\/en\/wp-json\/wp\/v2\/pages\/574\/revisions"}],"wp:attachment":[{"href":"https:\/\/majorresidence.hu\/en\/wp-json\/wp\/v2\/media?parent=574"}],"curies":[{"name":"wp","href":"https:\/\/api.w.org\/{rel}","templated":true}]}}